{"id":679,"date":"2012-05-29T17:11:01","date_gmt":"2012-05-29T15:11:01","guid":{"rendered":"http:\/\/stuggitv.phpfogapp.com\/?page_id=679"},"modified":"2023-09-30T17:58:14","modified_gmt":"2023-09-30T15:58:14","slug":"presse","status":"publish","type":"page","link":"http:\/\/stuggitv.com\/?page_id=679","title":{"rendered":"Presse"},"content":{"rendered":"<h4>STUGGI.TV ist der Onlinesender f\u00fcr Stuttgart und die Region<\/h4>\n<p>Das Programm wird von einer jungen Medienredaktion Deutschlands erstellt. Unser Team besteht aus Moderatoren, Redakteuren und Kameraleuten, die ihre ersten Erfahrungen im Bereich Medien machen und dabei von professionellen Redakteuren angeleitet werden. Haben Sie Interesse an einer Berichterstattung oder ben\u00f6tigen Fotomaterial? Wir stehen Ihnen gerne jederzeit zur Verf\u00fcgung.<\/p>\n<h4>Download<\/h4>\n<ul>\n<li><a href=\"http:\/\/stuggitv.com\/wp-content\/uploads\/STUGGITV_Logo.png\" target=\"_blank\" rel=\"noopener\">Logo STUGGI.TV<\/a><\/li>\n<li><a href=\"https:\/\/my.hidrive.com\/share\/ld0n-nq1a7\" target=\"_blank\" rel=\"noopener\">Pressefotos STUGGI.TV<\/a><\/li>\n<li><a href=\"https:\/\/my.hidrive.com\/share\/l.0u-ai5mk\" target=\"_blank\" rel=\"noopener\">Pressefotos 10 Jahre STUGGI.TV &#8211; Die Jubil\u00e4umsfeier\u00a0<\/a><\/li>\n<\/ul>\n<p><em>Die Fotos d\u00fcrfen f\u00fcr redaktionelle Zwecke mit dem Vermerk &#8222;Fotoquelle: STUGGI.TV&#8220; frei verwendet werden.<\/em><\/p>\n<h4>Kontakt<\/h4>\n<p><i class=\"fa fa-user marginright\"><\/i>E-Mail: <a href=\"mailto:chefredaktion@stuggi.tv\" target=\"_blank\" rel=\"noopener noreferrer\">chefredaktion@stuggi.tv<\/a><\/p>\n<h4>VIDEO: Im Jahr 2022 feierte STUGGI.TV seinen 10. Geburtstag<\/h4>\n<p><iframe loading=\"lazy\" title=\"10 Jahre STUGGI.TV: So lief die gro\u00dfe Jubil\u00e4umsfeier\" src=\"https:\/\/www.youtube.com\/embed\/kXMkoWdRPhg?feature=oembed\" width=\"500\" height=\"281\" frameborder=\"0\" allowfullscreen=\"allowfullscreen\" data-mce-fragment=\"1\"><\/iframe><\/p>\n<p><em>Das Video wird nicht angezeigt?\u00a0<a href=\"https:\/\/youtu.be\/kXMkoWdRPhg\">Dann hier klicken<\/a><\/em><\/p>\n<p>&nbsp;<\/p>\n<hr \/>\n<div class=\"one_half presse-box\"><h2>STUGGI.TV in der Presse<\/h2><div class=\"press-entry\"><span>28.06.2023 \/\/ suedkurier.de<\/span><br \/><strong><a href=\"https:\/\/www.suedkurier.de\/ueberregional\/rundblick\/voxxclub-im-portraet-darum-traegt-bini-immer-eine-muetze;art1373253,11624352\" target=\"_blank\">VoXXclub im Portr\u00e4t: Darum tr\u00e4gt Bini immer eine M\u00fctze<\/a><\/strong><\/div><div class=\"press-entry\"><span>04.08.2022 \/\/ Stuttgarter Zeitung<\/span><br \/><strong><a href=\"https:\/\/www.stuttgarter-zeitung.de\/inhalt.freibaeder-in-stuttgart-wo-es-sich-am-besten-baden-laesst.12f8ee86-4a6e-4a3b-9499-732cab170f84.html\" target=\"_blank\">Freib\u00e4der in Stuttgart: Wo es sich am besten baden l\u00e4sst<\/a><\/strong><\/div><div class=\"press-entry\"><span>12.07.2022 \/\/ Merkur<\/span><br \/><strong><a href=\"https:\/\/www.merkur.de\/deutschland\/baden-wuerttemberg\/mauritius-stuttgart-schliessung-tradition-marienstrasse-innenstadt-restaurant-bwg-91661888.html\" target=\"_blank\">N\u00e4chstes Traditionslokal in Stuttgart schlie\u00dft: Mauritius in der Innenstadt macht dicht<\/a><\/strong><\/div><div class=\"press-entry\"><span>09.07.2022 \/\/ Stuttgarter Zeitung<\/span><br \/><strong><a href=\"https:\/\/www.stuttgarter-zeitung.de\/inhalt.stuggitv-wird-zehn-frecher-sender-feiert-sommerparty-mit-stadtpromis.47505399-7a5d-47db-8b8f-7a20b48d0f05.html\" target=\"_blank\">Zehn Jahre Stuggi.TV &#8211; \u201eFrecher Sender\u201c feiert Sommerparty mit Stadtpromis<\/a><\/strong><\/div><div class=\"press-entry\"><span>08.07.2022 \/\/ Stuttgarter Nachrichten<\/span><br \/><strong><a href=\"https:\/\/www.stuttgarter-nachrichten.de\/inhalt.naechste-gastro-schliessung-in-stuttgart-mauritius-in-der-marienstrasse-macht-dicht.f7ca362b-f19a-48e8-8240-168e133d81c1.html\" target=\"_blank\">Mauritius in der Marienstra\u00dfe macht dicht<\/a><\/strong><\/div><div class=\"press-entry\"><span>07.07.2022 \/\/ Stuttgarter Zeitung<\/span><br \/><strong><a href=\"https:\/\/www.stuttgarter-zeitung.de\/inhalt.stuggi-tv-feiert-geburtstag-wir-sind-erwachsener-geworden.cb81bcdb-4cb3-4073-a823-e4aafa58de65.html\" target=\"_blank\">Stuggi.TV feiert Geburtstag: \u201eWir sind erwachsener geworden\u201c<\/a><\/strong><\/div><div class=\"press-entry\"><span>11.03.2022 \/\/ Stuttgarter Nachrichten<\/span><br \/><strong><a href=\"https:\/\/www.stuttgarter-nachrichten.de\/inhalt.protest-gegen-ukraine-krieg-20-000-menschen-bei-grossdemo-in-stuttgart-erwartet.04967951-361f-4fe6-a7c0-7c9fa7ce25d6.html\" target=\"_blank\">Protest gegen Ukraine-Krieg: 20\u200a000 Menschen bei Gro\u00dfdemo in Stuttgart erwartet<\/a><\/strong><\/div><div class=\"press-entry\"><span>25.01.2022 \/\/ Stuttgarter Nachrichten<\/span><br \/><strong><a href=\"https:\/\/www.stuttgarter-nachrichten.de\/inhalt.videoumfrage-in-stuttgart-wo-gibt-es-die-beste-brezel-der-stadt.526c7e71-72ca-40e4-8b94-8dd0f91404e2.html\" target=\"_blank\">Video-Umfrage in Stuttgart: Wo gibt es die beste Brezel der Stadt?<\/a><\/strong><\/div><div class=\"press-entry\"><span>10.07.2021 \/\/ t-online<\/span><br \/><strong><a href=\"https:\/\/www.t-online.de\/region\/stuttgart\/news\/id_89808660\/stuttgart-fliesst-der-nesenbach-bald-wieder-an-der-oberflaeche-.html\" target=\"_blank\">Stuttgarts Sehnsucht nach einem echten Stadtfluss<\/a><\/strong><\/div><div class=\"press-entry\"><span>02.07.2021 \/\/ S\u00fcddeutsche Zeitung<\/span><br \/><strong><a href=\"https:\/\/www.sueddeutsche.de\/politik\/parteien-stuttgart-wetterich-rueckt-fuer-stuttgarter-cdu-in-den-bundestag-nach-dpa.urn-newsml-dpa-com-20090101-210702-99-239517\" target=\"_blank\">Wetterich r\u00fcckt f\u00fcr Stuttgarter CDU in den Bundestag nach<\/a><\/strong><\/div><div class=\"press-entry\"><span>18.04.2021 \/\/ S\u00fcddeutsche Zeitung<\/span><br \/><strong><a href=\"https:\/\/www.sueddeutsche.de\/politik\/parteien-stuttgart-cdu-bundestagsabgeordnete-karin-maag-gibt-mandat-ab-dpa.urn-newsml-dpa-com-20090101-210418-99-256116\" target=\"_blank\">CDU-Bundestagsabgeordnete Karin Maag gibt Mandat ab<\/a><\/strong><\/div><div class=\"press-entry\"><span>18.04.2021 \/\/ Zeit Online<\/span><br \/><strong><a href=\"https:\/\/www.zeit.de\/news\/2021-04\/18\/cdu-bundestagsabgeordnete-karin-maag-gibt-mandat-ab?utm_referrer=https%3A%2F%2Fwww.google.com%2F\" target=\"_blank\">CDU-Bundestagsabgeordnete Karin Maag gibt Mandat ab<\/a><\/strong><\/div><div class=\"press-entry\"><span>18.04.2021 \/\/ t-online.de<\/span><br \/><strong><a href=\"https:\/\/www.t-online.de\/region\/stuttgart\/news\/id_89869496\/cdu-bundestagsabgeordnete-karin-maag-gibt-mandat-ab.html\" target=\"_blank\">CDU-Bundestagsabgeordnete Karin Maag gibt Mandat ab<\/a><\/strong><\/div><div class=\"press-entry\"><span>18.04.2021 \/\/ RTL.de<\/span><br \/><strong><a href=\"https:\/\/www.rtl.de\/cms\/cdu-bundestagsabgeordnete-karin-maag-gibt-mandat-ab-4743543.html\" target=\"_blank\">CDU-Bundestagsabgeordnete Karin Maag gibt Mandat ab<\/a><\/strong><\/div><div class=\"press-entry\"><span>15.04.2021 \/\/ TV Digital<\/span><br \/><strong><a href=\"https:\/\/www.tvdigital.de\/aktuelles\/fernsehen\/soko-stuttgart-benjamin-strecker-moechte-einen-science-fiction-film-drehen\" target=\"_blank\">\u201eSOKO Stuttgart\u201c: Benjamin Strecker demn\u00e4chst im Science-Fiction-Film?<\/a><\/strong><\/div><div class=\"press-entry\"><span>22.03.2021 \/\/ S\u00fcddeutsche Zeitung<\/span><br \/><strong><a href=\"https:\/\/www.sueddeutsche.de\/politik\/wahlen-stuttgart-klaus-nopper-zieht-fuer-cdu-in-den-heidenheimer-ob-wahlkampf-dpa.urn-newsml-dpa-com-20090101-210319-99-893567\" target=\"_blank\">Klaus Nopper zieht f\u00fcr CDU in den Heidenheimer OB-Wahlkampf<\/a><\/strong><\/div><div class=\"press-entry\"><span>19.03.2021 \/\/ Zeit Online<\/span><br \/><strong><a href=\"https:\/\/www.zeit.de\/news\/2021-03\/19\/klaus-nopper-zieht-fuer-cdu-in-den-heidenheimer-ob-wahlkampf\" target=\"_blank\">Klaus Nopper zieht f\u00fcr CDU in den Heidenheimer OB-Wahlkampf<\/a><\/strong><\/div><div class=\"press-entry\"><span>19.03.2021 \/\/ Stuttgarter Zeitung<\/span><br \/><strong><a href=\"https:\/\/www.stuttgarter-zeitung.de\/inhalt.bruder-von-stuttgarts-ob-frank-nopper-klaus-nopper-will-ob-in-heidenheim-werden.322fecf9-5a54-4b39-9049-5cbd95d3d5ff.html\" target=\"_blank\">Bruder von Stuttgarts OB Frank Nopper &#8211; Klaus Nopper will OB in Heidenheim werden<\/a><\/strong><\/div><div class=\"press-entry\"><span>15.03.2021 \/\/ Stuttgarter Zeitung<\/span><br \/><strong><a href=\"https:\/\/www.stuttgarter-zeitung.de\/inhalt.stuttgarts-ob-schlaegt-wellen-nopper-will-den-nesenbach-ans-licht-holen.bfa8dd72-5e2a-421a-a70e-cb48c3a7002f.html?reduced=true\" target=\"_blank\">Stuttgarts OB schl\u00e4gt Wellen: Nopper will den Nesenbach ans Licht holen<\/a><\/strong><\/div><div class=\"press-entry\"><span>29.11.2020 \/\/ Stuttgarter Zeitung<\/span><br \/><strong><a href=\"https:\/\/www.stuttgarter-zeitung.de\/inhalt.im-stuggitv-wahlstudio-bei-noppers-fliesst-der-ros-aber-in-massen.bb7ab88f-59ef-47f3-b8e2-053629121138.html\" target=\"_blank\">Im Stuggi.TV-Wahlstudio: Bei Noppers flie\u00dft der Ros\u00e9, aber in Ma\u00dfen<\/a><\/strong><\/div><div class=\"press-entry\"><span>29.11.2020 \/\/ Schw\u00e4bische Zeitung<\/span><br \/><strong><a href=\"Rockenbauch will Druck auf neuen Stuttgarter OB machen\" target=\"_blank\">Rockenbauch will Druck auf neuen Stuttgarter OB machen<\/a><\/strong><\/div><div class=\"press-entry\"><span>29.11.2020 \/\/ Heilbronner Stimme<\/span><br \/><strong><a href=\"https:\/\/www.stimme.de\/suedwesten\/nachrichten\/pl\/ob-wahl-in-stuttgart-kopf-an-kopf-rennen-erwartet;art19070,4422023\" target=\"_blank\">Marian Schreier gestand Niederlage bei STUGGI.TV ein<\/a><\/strong><\/div><div class=\"press-entry\"><span>29.11.2020 \/\/ S\u00fcddeutsche Zeitung<\/span><br \/><strong><a href=\"https:\/\/www.sueddeutsche.de\/politik\/kommunen-stuttgart-cdu-politiker-nopper-neuer-oberbuergermeister-von-stuttgart-dpa.urn-newsml-dpa-com-20090101-201128-99-499021\" target=\"_blank\">CDU-Politiker Nopper neuer Oberb\u00fcrgermeister von Stuttgart<\/a><\/strong><\/div><div class=\"press-entry\"><span>10.11.2020 \/\/ BILD Stuttgart<\/span><br \/><strong><a href=\"https:\/\/www.bild.de\/bild-plus\/regional\/stuttgart\/stuttgart-aktuell\/ob-wahl-in-stuttgart-vier-wollen-einer-wirds-73856312.bild.html\" target=\"_blank\">OB-Wahl in Stuttgart: Vier wollen! Einer wird&#8217;s!<\/a><\/strong><\/div><div class=\"press-entry\"><span>08.11.2020 \/\/ Stuttgarter Zeitung<\/span><br \/><strong><a href=\"https:\/\/www.stuttgarter-zeitung.de\/inhalt.ob-wahl-in-stuttgart-der-wahlsieger-kommt-als-letzter-ins-studio.6bf29257-5244-4291-bfb8-9ca29a775671.html?reduced=true\" target=\"_blank\">OB-Wahl in Stuttgart: Der Wahlsieger kommt als Letzter ins Studio<\/a><\/strong><\/div><div class=\"press-entry\"><span>23.10.2020 \/\/ BILD Stuttgart<\/span><br \/><strong><a href=\"https:\/\/www.bild.de\/bild-plus\/regional\/stuttgart\/stuttgart-aktuell\/verwirrung-um-studium-von-veronika-kienzle-73543944,view=conversionToLogin.bild.html\" target=\"_blank\">Ist die OB-Kandidatin ein Schummel-Lieschen?<\/a><\/strong><\/div><div class=\"press-entry\"><span>19.10.2020 \/\/ Stuttgarter Zeitung<\/span><br \/><strong><a href=\"https:\/\/www.stuttgarter-zeitung.de\/inhalt.ob-wahl-in-stuttgart-kandidat-nopper-sorgt-fuer-verwirrung.ae3a3db0-fd26-46f6-bedf-cd69ed86bb30.html\" target=\"_blank\">OB-Wahl in Stuttgart: Kandidat Nopper sorgt f\u00fcr Verwirrung<\/a><\/strong><\/div><div class=\"press-entry\"><span>20.02.2020 \/\/ Stuttgarter Nachrichten<\/span><br \/><strong><a href=\"https:\/\/www.stuttgarter-nachrichten.de\/inhalt.jugendratswahl-in-stuttgart-hunderte-engagierte-jugendliche-im-rathaus.155dafdf-696f-40d6-ad95-f3b8fa35dccd.html\" target=\"_blank\">Hunderte engagierte Jugendliche im Rathaus<\/a><\/strong><\/div><div class=\"press-entry\"><span>29.12.2019 \/\/ Stuttgarter Zeitung<\/span><br \/><strong><a href=\"https:\/\/www.stuttgarter-zeitung.de\/inhalt.das-war-stuttgart-2019-blick-aufs-jahr-vom-fernsehturm-aus.f7a18483-f04f-437d-b9af-8caa975bdb42.html\" target=\"_blank\">Das war Stuttgart 2019: Blick aufs Jahr vom Fernsehturm aus<\/a><\/strong><\/div><div class=\"press-entry\"><span>07.10.2019 \/\/ Stuttgarter Zeitung<\/span><br \/><strong><a href=\"https:\/\/www.stuttgarter-zeitung.de\/inhalt.stuttgarter-online-sender-laedt-zum-casting-stuggitv-sucht-wieder-moderatoren.a4da33d2-9ac8-45d0-b17b-b1fcd9423ebe.html\" target=\"_blank\">Stuggi.TV sucht wieder Moderatoren<\/a><\/strong><\/div><div class=\"press-entry\"><span>05.03.2019 \/\/ Stuttgarter Zeitung<\/span><br \/><strong><a href=\"https:\/\/www.stuttgarter-zeitung.de\/inhalt.faschingsumzug-in-stuttgart-die-narren-sind-los.c1bbe83c-6a16-4075-9014-7e352e1f1183.html\" target=\"_blank\">Faschingsumzug in Stuttgart: Die Narren sind los<\/a><\/strong><\/div><div class=\"press-entry\"><span>24.02.2019 \/\/ Stuttgarter Nachrichten<\/span><br \/><strong><a href=\"https:\/\/www.stuttgarter-nachrichten.de\/inhalt.miss-germany-nadine-berneis-der-sieg-in-rust-in-der-video-reportage.5572c981-a9cb-40ed-a020-e0544521a803.html\" target=\"_blank\">Der Sieg in Rust in der Video-Reportage<\/a><\/strong><\/div><div class=\"press-entry\"><span>15.02.2019 \/\/ kressnews<\/span><br \/><strong><a href=\"https:\/\/kress.de\/news\/detail\/beitrag\/142151-laura-terberl-steigt-bei-der-sz-zur-leiterin-des-audio-teams-auf.html\" target=\"_blank\">Laura Terberl steigt bei der &#8222;SZ&#8220; zur Leiterin des Audio-Teams auf<\/a><\/strong><\/div><div class=\"press-entry\"><span>21.12.2018 \/\/ Stuttgarter Zeitung<\/span><br \/><strong><a href=\"https:\/\/www.stuttgarter-zeitung.de\/inhalt.stuggitv-jahresrueckblick-das-war-2018-aus-stuttgarter-sicht.efd13192-f3eb-42fb-902f-424c3654e1d9.html\" target=\"_blank\">Das war 2018 aus Stuttgarter Sicht<\/a><\/strong><\/div><div class=\"press-entry\"><span>25.09.2018 \/\/ Stuttgarter Nachrichten<\/span><br \/><strong><a href=\"https:\/\/www.stuttgarter-nachrichten.de\/inhalt.die-ersten-schampuskorken-knallen-auf-dem-wasen-vorgluehen-auf-dem-cannstatter-volksfest.727857d7-387a-444f-904d-52a1b7d94b0f.html\" target=\"_blank\">Vorgl\u00fchen auf dem Cannstatter Volksfest<\/a><\/strong><\/div><div class=\"press-entry\"><span>27.06.2018 \/\/ Stern<\/span><br \/><strong><a href=\"https:\/\/mobil.stern.de\/panorama\/das-erste-mal-seit-sieben-jahren--titanwurz-blueht-in-stuttgart-8143806.html\" target=\"_blank\">Das erste Mal seit sieben Jahren: Titanwurz bl\u00fcht in Stuttgart<\/a><\/strong><\/div><div class=\"press-entry\"><span>17.06.2018 \/\/ Stuttgarter Nachrichten<\/span><br \/><strong><a href=\"https:\/\/www.stuttgarter-nachrichten.de\/inhalt.public-viewing-zur-wm-2018-benedikt-hoewedes-fiebert-mit-fans-in-stuttgart.5990cf08-9271-4175-be8e-956bc71a64e4.html?utm_campaign=Echobox&utm_medium=Social&utm_source=Twitter#Echobox=1529308291\" target=\"_blank\">Benedikt H\u00f6wedes fiebert mit Fans in Stuttgart<\/a><\/strong><\/div><div class=\"press-entry\"><span>22.04.2018 \/\/ Stuttgarter Nachrichten<\/span><br \/><strong><a href=\"https:\/\/www.stuttgarter-nachrichten.de\/inhalt.stuttgarter-fruehlingsfest-bilderbuch-start-bei-herrlichem-wetter.e6c26e4e-0193-41a6-8062-5cc8a5e6722e.html\" target=\"_blank\">Bilderbuch-Start bei herrlichem Wetter<\/a><\/strong><\/div><div class=\"press-entry\"><span>20.04.2018 \/\/ Stuttgarter Nachrichten<\/span><br \/><strong><a href=\"https:\/\/www.stuttgarter-nachrichten.de\/inhalt.stuttgarter-fruehlingsfest-die-beleuchtung-im-festzelt-mit-dem-smartphone-steuern.92e1b722-cf52-4bda-aa49-ab994d2ecb88.html\" target=\"_blank\">Die Beleuchtung im Festzelt mit dem Smartphone steuern<\/a><\/strong><\/div><div class=\"press-entry\"><span>16.04.2018 \/\/ Stuttgarter Nachrichten<\/span><br \/><strong><a href=\"https:\/\/www.stuttgarter-nachrichten.de\/inhalt.trettmann-im-interview-ich-hab-kleine-broetchen-gebacken.87a3ef67-96e8-433e-9af0-e172661c92ae.html\" target=\"_blank\">Trettmann im Interview: \u201eIch hab\u2019 kleine Br\u00f6tchen gebacken\u201c<\/a><\/strong><\/div><div class=\"press-entry\"><span>01.04.2018 \/\/ Stuttgarter Zeitung<\/span><br \/><strong><a href=\"https:\/\/www.stuttgarter-zeitung.de\/inhalt.wasserversorgung-aus-stuttgart-ohne-die-vaihinger-saesse-der-bodensee-auf-dem-trockenen.61a6a4b7-e2a0-4de7-ae94-bd98fe85a2ae.html\" target=\"_blank\">Ohne die Vaihinger s\u00e4\u00dfe der Bodensee auf dem Trockenen<\/a><\/strong><\/div><div class=\"press-entry\"><span>20.03.2018 \/\/ Stuttgarter Nachrichten<\/span><br \/><strong><a href=\"https:\/\/www.stuttgarter-nachrichten.de\/inhalt.moritz-hans-von-ninja-warrior-ein-tag-ohne-sport-ist-schrecklich.d277b21a-89d9-4c19-850b-66529e4d5dae.html\" target=\"_blank\">Moritz Hans von Ninja Warrior: \u201eEin Tag ohne Sport ist schrecklich\u201c<\/a><\/strong><\/div><div class=\"press-entry\"><span>25.01.2018 \/\/ Stuttgarter Nachrichten<\/span><br \/><strong><a href=\"https:\/\/www.stuttgarter-nachrichten.de\/inhalt.die-beliebtesten-laender-fuers-auslandsjahr-nach-der-schule-ans-andere-ende-der-welt.56310b39-0017-4a43-86d1-aeef90117bb9.html\" target=\"_blank\">Nach der Schule ans andere Ende der Welt<\/a><\/strong><\/div><div class=\"press-entry\"><span>29.12.2017 \/\/ Stuttgarter Zeitung<\/span><br \/><strong><a href=\"https:\/\/www.stuttgarter-zeitung.de\/inhalt.wie-feiern-junge-stuttgarter-den-jahreswechsel-silvester-wird-zum-problemfall.aa4f6222-00a1-4a07-a894-c324da8bf4f7.html\" target=\"_blank\">Wie feiern junge Stuttgarter den Jahreswechsel?<\/a><\/strong><\/div><div class=\"press-entry\"><span>23.12.2017 \/\/ Stuttgarter Zeitung<\/span><br \/><strong><a href=\"https:\/\/www.stuttgarter-zeitung.de\/inhalt.jahresrueckblick-von-stuggitv-das-jahr-2017-durch-die-stuttgart-brille-gesehen.9555bc3d-4ad9-4d85-bab0-e24ff14a4b79.html\" target=\"_blank\">Das Jahr 2017 durch die Stuttgart-Brille gesehen<\/a><\/strong><\/div><div class=\"press-entry\"><span>02.11.2017 \/\/ Stuttgarter Nachrichten<\/span><br \/><strong><a href=\"http:\/\/www.stuttgarter-nachrichten.de\/inhalt.palast-der-republik-in-stuttgart-feierabendtreff-soll-aufgewertet-werden.7278219c-ad35-40a8-a443-2dca1f77525f.html\" target=\"_blank\">Palast der Republik: Feierabendtreff soll aufgewertet werden<\/a><\/strong><\/div><div class=\"press-entry\"><span>23.10.2017 \/\/ Stuttgarter Zeitung<\/span><br \/><strong><a href=\"http:\/\/www.stuttgarter-zeitung.de\/inhalt.casting-in-stuttgart-stuggitv-sucht-neue-moderatoren.349d99b0-eab6-4fd9-99e4-53e7125be2e8.html\" target=\"_blank\">Stuggi.TV sucht neue Moderatoren<\/a><\/strong><\/div><div class=\"press-entry\"><span>20.10.2017 \/\/ Stuttgarter Nachrichten<\/span><br \/><strong><a href=\"http:\/\/www.stuttgarter-nachrichten.de\/inhalt.gruenen-stadtrat-zu-car2go-rueckzug-der-schock-ist-gross.41e7518e-1051-4406-b212-b9397504a832.html\" target=\"_blank\">Gr\u00fcnen-Stadtrat zu Car2go-R\u00fcckzug: \u201eDer Schock ist gro\u00df\u201c<\/a><\/strong><\/div><div class=\"press-entry\"><span>15.10.2017 \/\/ Stuttgarter Nachrichten<\/span><br \/><strong><a href=\"https:\/\/www.google.com\/url?rct=j&sa=t&url=http:\/\/www.stuttgarter-nachrichten.de\/inhalt.die-stuttgartnacht-im-stn-stz-stadtbuero-sabbrlodd-stuttgart-rockt-uff-schwaebisch.14933113-af27-43bf-88bc-72aaae2fe365.html&ct=ga&cd=CAEYACoTNjc3NjM0NDQzNDIxNjc4ODAxMjIZYTJjNzZkNDNkNDk5N2IzMDpkZTpkZTpERQ&usg=AFQjCNFlsHVw-YQp1S_sp7_ykY97pW5vng\" target=\"_blank\">Stuttgart rockt uff Schw\u00e4bisch!<\/a><\/strong><\/div><div class=\"press-entry\"><span>20.09.2017 \/\/ Stuttgarter Nachrichten<\/span><br \/><strong><a href=\"http:\/\/www.stuttgarter-nachrichten.de\/inhalt.cdu-in-stuttgart-wie-stefan-kaufmann-wieder-das-direktmandat-holen-will.933c20ee-f0b2-46c4-9fd5-25271ccf1da7.html\" target=\"_blank\">Wie Stefan Kaufmann wieder das Direktmandat holen will<\/a><\/strong><\/div><div class=\"press-entry\"><span>05.08.2017 \/\/ Stuttgarter Nachrichten<\/span><br \/><strong><a href=\"http:\/\/www.stuttgarter-nachrichten.de\/inhalt.vfb-stuttgart-entlaesst-jan-schindelmeiser-das-sagen-die-stuttgarter-zum-spektakulaeren-rauswurf.5a7ee514-6972-4a6e-9e01-ee34b56654e4.html\" target=\"_blank\">VfB Stuttgart entl\u00e4sst Jan Schindelmeiser: Das sagen die Stuttgarter zum spektakul\u00e4ren Rauswurf<\/a><\/strong><\/div><div class=\"press-entry\"><span>29.07.2017 \/\/ Stuttgarter Nachrichten<\/span><br \/><strong><a href=\"http:\/\/www.stuttgarter-nachrichten.de\/inhalt.surfen-auf-dem-neckar-was-zur-verwirklichung-der-neckarwelle-noch-fehlt.61fe5776-b4e6-4245-b0db-4ba39755b259.html\" target=\"_blank\">Was zur Verwirklichung der Neckarwelle noch fehlt<\/a><\/strong><\/div><div class=\"press-entry\"><span>21.07.2017 \/\/ Stuttgarter Nachrichten<\/span><br \/><strong><a href=\"http:\/\/www.stuttgarter-nachrichten.de\/inhalt.eistest-in-stuttgart-frank-oehler-testet-stuttgarts-eiskalte-ecken.aa14cae2-8152-44f6-864c-8d926ff7d9b1.html\" target=\"_blank\">Frank Oehler testet Stuttgarts eiskalte Ecken<\/a><\/strong><\/div><div class=\"press-entry\"><span>16.06.2017 \/\/ Stuttgarter Zeitung<\/span><br \/><strong><a href=\"http:\/\/www.stuttgarter-zeitung.de\/inhalt.klimafreundlicher-verkehr-mehr-stella-roller-in-stuttgart.ccf0ca91-8680-4dac-9a82-80aa3190e6be.html\" target=\"_blank\">Mehr \u201eStella\u201c-Roller in Stuttgart<\/a><\/strong><\/div><div class=\"press-entry\"><span>15.06.2017 \/\/ Stuttgarter Nachrichten<\/span><br \/><strong><a href=\"http:\/\/www.stuttgarter-nachrichten.de\/inhalt.reaktionen-zu-video-umfrage-stuttgart-ist-einzigartig.d732b84d-8bcb-40c7-bf9f-db8b3062dd20.html\" target=\"_blank\">Reaktionen zu Video-Umfrage: \u201eStuttgart ist einzigartig\u201c<\/a><\/strong><\/div><div class=\"press-entry\"><span>14.05.2017 \/\/ Stuttgarter Zeitung<\/span><br \/><strong><a href=\"http:\/\/www.stuttgarter-zeitung.de\/inhalt.video-nach-der-niederlage-das-sagen-die-vfb-fans-zum-spiel-in-hannover.b7032196-b976-4315-88f2-63d5135501a9.html\" target=\"_blank\">Das sagen die VfB-Fans zum Spiel in Hannover<\/a><\/strong><\/div><div class=\"press-entry\"><span>01.02.2017 \/\/ Stuttgarter Zeitung<\/span><br \/><strong><a href=\"http:\/\/www.stuttgarter-zeitung.de\/inhalt.online-sender-stuggitv-fuenf-jahre-sind-ein-grund-zum-anstossen.a622c8b7-931d-4dc3-9c7b-03167db89002.html\" target=\"_blank\">F\u00fcnf Jahre sind ein Grund zum Ansto\u00dfen<\/a><\/strong><\/div><div class=\"press-entry\"><span>16.01.2017 \/\/ Stuttgarter Nachrichten<\/span><br \/><strong><a href=\"http:\/\/stuggitv.com\/wp-content\/uploads\/170116_stn.jpg\" target=\"_blank\">Jugendrat fordert vom VVS ein Jugendticket<\/a><\/strong><\/div><div class=\"press-entry\"><span>03.01.2017 \/\/ Stuttgarter Nachrichten<\/span><br \/><strong><a href=\"http:\/\/www.stuttgarter-nachrichten.de\/inhalt.video-umfrage-diese-vorsaetze-haben-stuttgarter-fuer-2017.c1be6e1e-ed11-4343-99cb-2748ac03a5ab.html\" target=\"_blank\">Diese Vors\u00e4tze haben Stuttgarter f\u00fcr 2017<\/a><\/strong><\/div><div class=\"press-entry\"><span>27.12.2016 \/\/ Stuttgarter Zeitung<\/span><br \/><strong><a href=\"http:\/\/www.stuttgarter-zeitung.de\/inhalt.jahresrueckblick-des-online-senders-durch-die-stuggi-brille.80c24eb8-008d-4878-9316-96acb5f764ba.html\" target=\"_blank\">Jahresr\u00fcckblick des Online-Senders: Durch die Stuggi-Brille<\/a><\/strong><\/div><div class=\"press-entry\"><span>13.12.2016 \/\/ Stuttgarter Zeitung<\/span><br \/><strong><a href=\"http:\/\/www.stuttgarter-zeitung.de\/inhalt.stuttgarts-wahrzeichen-fernsehturm-meldet-besucherrekord.80e1567a-a0b9-4ab2-8083-e30c9236bf58.html\" target=\"_blank\">Fernsehturm meldet Besucherrekord<\/a><\/strong><\/div><div class=\"press-entry\"><span>21.11.2016 \/\/ Stuttgarter Nachrichten<\/span><br \/><strong><a href=\"http:\/\/stuggitv.com\/wp-content\/uploads\/2016_11_21_KNITZ-Mod-Casting.jpg\" target=\"_blank\">Talentfischen ohne Auf-Bohlen-komm-raus<\/a><\/strong><\/div><div class=\"press-entry\"><span>02.08.2016 \/\/ Stuttgarter Zeitung<\/span><br \/><strong><a href=\"http:\/\/www.stuttgarter-zeitung.de\/inhalt.reaktionen-auf-kriminalstatistik-wie-sicher-fuehlen-sich-junge-stuttgarter.2923f3f0-8cd3-4b28-bccc-1bc57479b17a.html\" target=\"_blank\">Wie sicher f\u00fchlen sich junge Stuttgarter?<\/a><\/strong><\/div><div class=\"press-entry\"><span>12.07.2016 \/\/ Stuttgarter Nachrichten<\/span><br \/><strong><a href=\"http:\/\/stuggitv.com\/wp-content\/uploads\/2016_07_12_KNITZ-Otto1.jpg\" target=\"_blank\">KNITZ-Kolumne: Otto Waalkes bei STUGGI.TV<\/a><\/strong><\/div><div class=\"press-entry\"><span>25.06.2016 \/\/ Stuttgarter Nachrichten<\/span><br \/><strong><a href=\"http:\/\/www.stuttgarter-nachrichten.de\/inhalt.marienplatzfest-der-stuttgarter-sueden-wird-attraktiver.23803cf9-096c-4d08-af57-ec02fdea1eb3.html\" target=\"_blank\">Der Stuttgarter S\u00fcden wird attraktiver<\/a><\/strong><\/div><div class=\"press-entry\"><span>02.03.2016 \/\/ StN-Online<\/span><br \/><strong><a href=\"http:\/\/www.stuttgarter-nachrichten.de\/inhalt.landtagswahl-u18-diese-parteien-wuerden-jugendliche-waehlen.47fa14dc-6643-4445-99a2-d6e4ea026949.html\" target=\"_blank\">Diese Parteien w\u00fcrden Jugendliche w\u00e4hlen<\/a><\/strong><\/div><div class=\"press-entry\"><span>28.01.2016 \/\/ Stuttgarter Nachrichten<\/span><br \/><strong><a href=\"http:\/\/www.stuttgarter-nachrichten.de\/inhalt.lieblingsplaetze-in-stuttgart-lukas-rupp-und-der-thermomix.f78fabe5-47f6-4b26-a16d-6a66044a8332.html\" target=\"_blank\">Lukas Rupp und der Thermomix<\/a><\/strong><\/div><div class=\"press-entry\"><span>24.12.2015 \/\/ Stuttgarter Nachrichten<\/span><br \/><strong><a href=\"http:\/\/stuggitv.com\/wp-content\/uploads\/2015_12_24_Jahresrueckblick-SHOW.jpg\" target=\"_blank\">Stuggi-Show zu Weihnachten: R\u00fcckschau im Kerzenlicht<\/a><\/strong><\/div><div class=\"press-entry\"><span>29.06.2015 \/\/ Stuttgart Nachrichten<\/span><br \/><strong><a href=\"http:\/\/www.stuttgarter-nachrichten.de\/inhalt.video-von-der-pressekonferenz-vfb-stuttgart-coach-zorniger-steht-rede-und-antwort.276cf89d-7dfe-4469-bed7-94b31e5bd121.html\" target=\"_blank\">VfB-Stuttgart-Coach Zorniger steht Rede und Antwort<\/a><\/strong><\/div><div class=\"press-entry\"><span>26.06.2015 \/\/ Stuttgarter Nachrichten<\/span><br \/><strong><a href=\"http:\/\/stuggitv.com\/wp-content\/uploads\/2015_06_26_Stuttgartlauf.jpg\" target=\"_blank\">Funk-Rhythmen f\u00fcr die letzten Meter<\/a><\/strong><\/div><div class=\"press-entry\"><span>15.05.2015 \/\/ Stuttgarter Nachrichten<\/span><br \/><strong><a href=\"http:\/\/stuggitv.com\/wp-content\/uploads\/unnamed.jpg\" target=\"_blank\">STUGGI.TV sucht Moderatoren<\/a><\/strong><\/div><div class=\"press-entry\"><span>28.04.2015 \/\/ Stuttgarter Nachrichten<\/span><br \/><strong><a href=\"http:\/\/www.stuttgarter-nachrichten.de\/inhalt.stuggi-tv-schueler-lernen-von-tv-profis.ea4a6937-6687-4e91-8d0c-971c9122c26a.html\" target=\"_blank\">Schultour: Sch\u00fcler lernen von TV-Profis<\/a><\/strong><\/div><div class=\"press-entry\"><span>28.02.2015 \/\/ Stuttgarter Nachrichten<\/span><br \/><strong><a href=\"http:\/\/stuggitv.com\/wp-content\/uploads\/2015\/02\/2015_02_28_CelineWillers.jpg\" target=\"_blank\">STUGGI.TV Moderatorin Celine Willers: Blond ist ein anderes Wort f\u00fcr schlau<\/a><\/strong><\/div><div class=\"press-entry\"><span>07.02.2015 \/\/ Stuttgarter Nachrichten<\/span><br \/><strong><a href=\"http:\/\/www.stuttgarter-nachrichten.de\/inhalt.miss-baden-wuerttemberg-aus-stuttgart-ganz-schoen-schlau-die-stuggi-frau.8b07e507-3eec-4175-b452-38ec63bee9f9.html\" target=\"_blank\">Miss Baden-W\u00fcrttemberg: Ganz sch\u00f6n schlau die Stuggi-Frau<\/a><\/strong><\/div><div class=\"press-entry\"><span>05.02.2015 \/\/ Stuttgarter Nachrichten<\/span><br \/><strong><a href=\"http:\/\/www.stuttgarter-nachrichten.de\/inhalt.tour-de-stuttgart-mit-spikes-auf-carl-eugens-spuren.79d94433-a4dd-4111-a09d-c3a444a22007.html\" target=\"_blank\">Mit Spikes auf Carl Eugens Spuren<\/a><\/strong><\/div><div class=\"press-entry\"><span>28.12.2014 \/\/ Stuttgarter Nachrichten<\/span><br \/><strong><a href=\"http:\/\/www.stuttgarter-nachrichten.de\/inhalt.stuggitv-jahresrueckblick-reif-fuer-die-couch.ec019524-5ce0-4e5a-8177-eea62939007a.html\" target=\"_blank\">Stuggi.TV-Jahresr\u00fcckblick: Reif f\u00fcr die Couch<\/a><\/strong><\/div><div class=\"press-entry\"><span>25.11.2014 \/\/ Stuttgarter Nachrichten<\/span><br \/><strong><a href=\"http:\/\/www.stuttgarter-nachrichten.de\/inhalt.vfb-stuttgart-veh-nachfolge-huub-stevens-kommt-zurueck.fed27f8f-f5e3-4cf1-83db-b3067fdc11f4.html\" target=\"_blank\">Veh-Nachfolge: Huub Stevens kommt zur\u00fcck<\/a><\/strong><\/div><div class=\"press-entry\"><span>19.11.2014 \/\/ Stuttgarter Zeitung<\/span><br \/><strong><a href=\"http:\/\/www.stuttgarter-zeitung.de\/inhalt.buergerstiftung-stuttgart-ehrenamt-ist-fuer-alle-ein-gewinn.5bebae4a-267d-40c7-b90e-ccba9fa648fb.html\" target=\"_blank\">Ehrenamt ist f\u00fcr alle ein Gewinn<\/a><\/strong><\/div><div class=\"press-entry\"><span>14.10.2014 \/\/ Stuttgarter Zeitung<\/span><br \/><strong><a href=\"http:\/\/stuggitv.com\/wp-content\/uploads\/2014\/10\/Pressebeitrag_Stz.jpg\" target=\"_blank\">Online Jugendsender zieht es in die City<\/a><\/strong><\/div><div class=\"press-entry\"><span>14.10.2014 \/\/ Stuttgarter Nachrichten<\/span><br \/><strong><a href=\"http:\/\/www.stuttgarter-nachrichten.de\/inhalt.neues-format-von-stuggi-tv-die-stuggi-show-ein-hauch-von-dirty-harry.12d9fc3b-b8e4-4591-8aa8-024e8419b640.html\" target=\"_blank\">Die Stuggi Show &#8211; ein Hauch von Dirty Harry<\/a><\/strong><\/div><div class=\"press-entry\"><span>11.10.2014 \/\/ Stuttgarter Nachrichten<\/span><br \/><strong><a href=\"http:\/\/stuggitv.com\/wp-content\/uploads\/2014\/10\/2014_10_11_knitz_show-start.jpg\" target=\"_blank\">Die Show<\/a><\/strong><\/div><div class=\"press-entry\"><span>01.10.2014 \/\/ Mittelbadische Presse<\/span><br \/><strong><a href=\"http:\/\/www.bo.de\/lokales\/ortenau\/celine-willers-wird-neue-miss-schwarzwald\" target=\"_blank\">Moderatorin C\u00e9line Willers wird neue &#8222;Miss Schwarzwald&#8220;<\/a><\/strong><\/div><div class=\"press-entry\"><span>03.09.2014 \/\/ Cannstatter Zeitung<\/span><br \/><strong><a href=\"http:\/\/www.cannstatter-zeitung.de\/lokales\/cannstatt\/Artikel1212972.cfm\" target=\"_blank\">\u201eHallo, ich hei\u00dfe auch Fritz\u201c<\/a><\/strong><\/div><div class=\"press-entry\"><span>06.09.2014 \/\/ Stuttgarter Nachrichten<\/span><br \/><strong><a href=\"http:\/\/www.stuttgarter-nachrichten.de\/inhalt.demo-fuer-fahrradfreundlichkeit-eroberung-der-stadt-auf-zwei-raedern.2358e40e-6412-41a7-bcc0-f1cbdb031457.html\" target=\"_blank\">Eroberung der Stadt auf zwei R\u00e4dern<\/a><\/strong><\/div><div class=\"press-entry\"><span>01.08.2014 \/\/ Stuttgarter Nachrichten<\/span><br \/><strong><a href=\"http:\/\/stuggitv.com\/wp-content\/uploads\/2014\/08\/2014-08-01-StN-Artikel.jpg\" target=\"_blank\">Ein Video, wie in Stein gemei\u00dfelt<\/a><\/strong><\/div><div class=\"press-entry\"><span>14.07.2014 \/\/ Stuttgarter Nachrichten<\/span><br \/><strong><a href=\"http:\/\/www.stuttgarter-nachrichten.de\/inhalt.deutschland-ist-weltmeister-in-stuttgart-kocht-der-kessel.26915b07-ea51-45a9-8b39-921f6d5aa651.html\" target=\"_blank\">In Stuttgart kocht der Kessel<\/a><\/strong><\/div><div class=\"press-entry\"><span>04.07.2014 \/\/ Stuttgarter Nachrichten<\/span><br \/><strong><a href=\"http:\/\/www.stuttgarter-nachrichten.de\/inhalt.tour-de-stuttgart-raus-aus-der-stadt-rauf-auf-die-alb.5996e71c-524d-4bc3-b580-179c0d814820.html\" target=\"_blank\">Raus aus der Stadt, rauf auf die Alb<\/a><\/strong><\/div><div class=\"press-entry\"><span>23.05.2014 \/\/ Stuttgarter Zeitung<\/span><br \/><strong><a href=\"http:\/\/www.stuttgarter-zeitung.de\/inhalt.kommunalwahl-jungwaehler-sind-bei-stuggi-tv.33085bad-a13b-45e9-be89-174f9eb68cb2.html\" target=\"_blank\">Jungw\u00e4hler sind bei Stuggi-TV<\/a><\/strong><\/div><div class=\"press-entry\"><span>21.05.2014 \/\/ Stuttgarter Nachrichten<\/span><br \/><strong><a href=\"http:\/\/www.stuttgarter-nachrichten.de\/inhalt.tour-de-stuttgart-das-rad-in-der-menge.3dcef62a-fb54-4f85-80c9-2710df19cb60.html\" target=\"_blank\">Tour de Stuttgart: Das Rad in der Menge<\/a><\/strong><\/div><div class=\"press-entry\"><span>21.05.2014 \/\/ Stuttgarter Nachrichten<\/span><br \/><strong><a href=\"http:\/\/www.stuttgarter-nachrichten.de\/inhalt.gemeinderatswahl-parteien-buhlen-um-die-gunst-der-jungen.2a223b62-6763-4070-a8a9-0f38c40e4d9a.html\" target=\"_blank\">Parteien buhlen um die Gunst der Jungen<\/a><\/strong><\/div><div class=\"press-entry\"><span>16.05.2014 \/\/ Stuttgarter Zeitung<\/span><br \/><strong><a href=\"http:\/\/stuggitv.com\/wp-content\/uploads\/2014\/05\/2014-05-16_StZ.jpg\" target=\"_blank\">Auf der Suche nach dem Wohnzimmer der Stadt<\/a><\/strong><\/div><div class=\"press-entry\"><span>12.04.2014 \/\/ Stuttgarter Nachrichten<\/span><br \/><strong><a href=\"http:\/\/www.stuttgarter-nachrichten.de\/inhalt.swr-intendant-boudgoust-zu-sparplaenen-die-redaktion-muss-nicht-umziehen.e6a2fada-e981-4e8b-a90d-8129f5c692c4.html\" target=\"_blank\">SWR-Intendant Boudgoust: \u201eDie Redaktion muss nicht umziehen\u201c<\/a><\/strong><\/div><div class=\"press-entry\"><span>22.03.2014 \/\/ Stuttgarter Nachrichten<\/span><br \/><strong><a href=\"http:\/\/stuggitv.com\/wp-content\/uploads\/2014\/04\/DSC_0032.jpg\" target=\"_blank\">Erst auf den Berg, dann aufs Eis<\/a><\/strong><\/div><div class=\"press-entry\"><span>03.03.2014 \/\/ Antenne1<\/span><br \/><strong><a href=\"http:\/\/stuggitv.com\/wp-content\/uploads\/2014\/03\/Interview_Presse.mp3\" target=\"_blank\">72h-Kandidat Fabio Morrone im Antenne1-Interview<\/a><\/strong><\/div><div class=\"press-entry\"><span>05.03.2014 \/\/ Stuttgarter Nachrichten<\/span><br \/><strong><a href=\"http:\/\/stuggitv.com\/wp-content\/uploads\/2014\/03\/StN_Fabio-14_03_05.jpg\" target=\"_blank\">Drei Tage wach<\/a><\/strong><\/div><div class=\"press-entry\"><span>28.02.2014 \/\/ Stuttgarter Nachrichten<\/span><br \/><strong><a href=\"http:\/\/stuggitv.com\/wp-content\/uploads\/2014\/02\/2014_02_28_StN.jpg\" target=\"_blank\">Schlaflos in Stuttgart: Sch\u00fcler wagt Experiment<\/a><\/strong><\/div><div class=\"press-entry\"><span>27.02.2014 \/\/ BLITZ! Online<\/span><br \/><strong><a href=\"http:\/\/blitz-medien.de\/index.php\/news\/unterhaltung\/289-das-72h-experiment-3-tage-ohne-schlaf\" target=\"_blank\">3 Tage ohne Schlaf!<\/a><\/strong><\/div><div class=\"press-entry\"><span>23.01.2014 \/\/ Stuttgarter Nachrichten<\/span><br \/><strong><a href=\"http:\/\/www.stuttgarter-nachrichten.de\/inhalt.birkenkopf-und-co-auf-die-hoechsten-gipfel-von-stuttgart.301ed17d-45f1-41ce-9858-3d68320e2efb.html\" target=\"_blank\">Auf die h\u00f6chsten Gipfel von Stuttgart<\/a><\/strong><\/div><div class=\"press-entry\"><span>13. Januar 2014 \/\/ Stuttgarter Nachrichten<\/span><br \/><strong><a href=\"http:\/\/www.stuttgarter-nachrichten.de\/inhalt.erfolgsmodell-aus-stuttgart-wie-stuggitv-dem-swr-konkurrenz-macht.619ce679-987a-4f44-8872-9aa05e7a0f72.html\" target=\"_blank\">Wie Stuggi.TV dem SWR Konkurrenz macht<\/a><\/strong><\/div><div class=\"press-entry\"><span>31.12.2013 \/\/ Stuttgarter Nachrichten<\/span><br \/><strong><a href=\"http:\/\/stuggitv.com\/wp-content\/uploads\/2014\/01\/Jahresr\u00fcckblick-in-der-Presse.jpg\" target=\"_blank\">R\u00fcckklick<\/a><\/strong><\/div><div class=\"press-entry\"><span>19.11.2013 \/\/ Stuttgarter Zeitung<\/span><br \/><strong><a href=\"http:\/\/www.stuttgarter-zeitung.de\/inhalt.filmhaus-in-stuttgart-bueros-anstelle-von-rocker-33-und-filmbuero.ab3f3e27-d789-45cd-b33e-2d9c00a33595.html\" target=\"_blank\">B\u00fcros anstelle von Rocker 33 und Filmb\u00fcro<\/a><\/strong><\/div><div class=\"press-entry\"><span>15.11.2013 \/\/ Stuttgarter Zeitung<\/span><br \/><strong><a href=\"http:\/\/www.stuttgarter-zeitung.de\/inhalt.bewerbermangel-in-den-filder-bezirken-keine-jugendraete-in-vaihingen-und-moehringen.c41549b1-cf2e-416c-be7b-3c2a789c31e7.html\" target=\"_blank\">Keine Jugendr\u00e4te in Vaihingen und M\u00f6hringen<\/a><\/strong><\/div><div class=\"press-entry\"><span>11.11.2013 \/\/ Blick vom Fernsehturm<\/span><br \/><strong><a href=\"http:\/\/stuggitv.com\/wp-content\/uploads\/2013\/11\/Was_mit_Medien_2013-11-11.jpg\" target=\"_blank\">Keine Angst vor der Krise<\/a><\/strong><\/div><div class=\"press-entry\"><span>29.10.2013 \/\/ HdM Stuttgart<\/span><br \/><strong><a href=\"http:\/\/www.hdm-stuttgart.de\/view_news?ident=news20131029084234\" target=\"_blank\">Stuggi.tv Gr\u00fcnder David Rau: Sein Herz schl\u00e4gt f\u00fcrs Bewegtbild<\/a><\/strong><\/div><div class=\"press-entry\"><span>28.10.2013 \/\/ horads 88,6<\/span><br \/><strong><a href=\"https:\/\/soundcloud.com\/horads-88-6\/sprachraum-zukunft-der-zeitung\" target=\"_blank\">Interview mit StN-Redakteur H\u00f6rner und STUGGI.TV Chefredakteur Rau<\/a><\/strong><\/div><div class=\"press-entry\"><span>25.09.2013 \/\/ Stuttgarter Zeitung<\/span><br \/><strong><a href=\"http:\/\/stuggitv.com\/wp-content\/uploads\/2012\/05\/2013_09_25Stuggi-TV-Fo%CC%88rderpreis-fu%CC%88r-Jugendsender.jpg\" target=\"_blank\">Stuggi-TV F\u00f6rderpreis f\u00fcr Jugendsender<\/a><\/strong><\/div><div class=\"press-entry\"><span>11.09.2013 \/\/ Stuttgarter Nachrichten<\/span><br \/><strong><a href=\"http:\/\/stuggitv.com\/wp-content\/uploads\/2013\/09\/2013-09-11-KNITZ.jpg\" target=\"_blank\">Film ab!<\/a><\/strong><\/div><div class=\"press-entry\"><span>10.09.2013 \/\/ Stuttgarter Nachrichten<\/span><br \/><strong><a href=\"http:\/\/stuggitv.com\/wp-content\/uploads\/2013\/09\/Fahrradtour.jpg\" target=\"_blank\">Partnerschaftspflege auf R\u00e4dern<\/a><\/strong><\/div><div class=\"press-entry\"><span>24.08.2013 \/\/ BILD Stuttgart<\/span><br \/><strong><a href=\"http:\/\/www.bild.de\/regional\/stuttgart\/fritz-kuhn\/mit-polizeischutz-durch-die-kinderstadt-31958134.bild.html\" target=\"_blank\">Mit Polizeischutz durch die Kinderstadt<\/a><\/strong><\/div><div class=\"press-entry\"><span>24.08.2013 \/\/ Stuttgarter Zeitung<\/span><br \/><strong><a href=\"http:\/\/www.stuttgarter-zeitung.de\/inhalt.stutengarten-in-stuttgart-kein-kredit-fuer-fritz-kuhn.53f65ff8-439b-41c9-8892-bd0e8887d110.html\" target=\"_blank\">Kein Kredit f\u00fcr Fritz Kuhn<\/a><\/strong><\/div><div class=\"press-entry\"><span>22.07.2013 \/\/ Stuttgarter Nachrichten<\/span><br \/><strong><a href=\"http:\/\/stuggitv.com\/wp-content\/uploads\/2013\/07\/2013_07_22.jpg\" target=\"_blank\">Stuggi.tv weltweit<\/a><\/strong><\/div><div class=\"press-entry\"><span>12.06.2013 \/\/ Stuttgarter Zeitung<\/span><br \/><strong><a href=\"http:\/\/stuggitv.com\/wp-content\/uploads\/2013\/06\/Ein-Tag-lang-Journalist-sein.jpg\" target=\"_blank\">Ein Tag lang Journalist sein<\/a><\/strong><\/div><div class=\"press-entry\"><span>13.05.2013 \/\/ Filder-Zeitung<\/span><br \/><strong><a href=\"http:\/\/stuggitv.com\/wp-content\/uploads\/2013\/05\/13-05-13.jpg\" target=\"_blank\">Stuggi-Schultour 2013: Sch\u00fcler machen Fernsehen<\/a><\/strong><\/div><div class=\"press-entry\"><span>03.05.2013 \/\/ S-Infos<\/span><br \/><strong><a href=\"http:\/\/stuggitv.com\/wp-content\/uploads\/2013\/05\/stuggi.tv-infos1.jpg\" target=\"_blank\">Der erste Online TV-Sender in Baden-W\u00fcrttemberg<\/a><\/strong><\/div><div class=\"press-entry\"><span>22.04.2013 \/\/ hoards 88,6<\/span><br \/><strong><a href=\"https:\/\/soundcloud.com\/horads-88-6\/sprachraum-stuggi-tv-22-04\" target=\"_blank\">Interview mit David Rau von STUGGI.TV<\/a><\/strong><\/div><div class=\"press-entry\"><span>13.03.2013 \/\/ Stuttgarter Wochenblatt<\/span><br \/><strong><a href=\"http:\/\/stuggitv.com\/wp-content\/uploads\/2013\/03\/Wochenblatt_Stuggi.tv_.jpg\" target=\"_blank\">Auszeichnung f\u00fcr Stuggi.TV<\/a><\/strong><\/div><div class=\"press-entry\"><span>23.02.2013 \/\/ Stuttgarter Zeitung<\/span><br \/><strong><a href=\"http:\/\/stuggitv.com\/wp-content\/uploads\/2013\/02\/Jugendbildungspreis_f\u00fcr_Stuggi.tv_.jpg\" target=\"_blank\">Jugendbildungspreis f\u00fcr Stuggi.tv<\/a><\/strong><\/div><div class=\"press-entry\"><span>23.02.2013 \/\/ Stuttgarter Nachrichten<\/span><br \/><strong><a href=\"http:\/\/stuggitv.com\/wp-content\/uploads\/2013\/02\/Preis_f\u00fcr_Online-Sender.jpg\" target=\"_blank\">Preis f\u00fcr Online-Sender<\/a><\/strong><\/div><div class=\"press-entry\"><span>22.02.2013 \/\/ DIE WELT<\/span><br \/><strong><a href=\"http:\/\/www.welt.de\/newsticker\/news3\/article113837493\/Stuttgarter-Jugendsender-erhaelt-Jugendbildungspreis.html\" target=\"_blank\">Stuttgarter Jugendsender erh\u00e4lt Jugendbildungspreis<\/a><\/strong><\/div><div class=\"press-entry\"><span>16.02.2013 \/\/ Stuttgarter Wochenblatt<\/span><br \/><strong><a href=\"http:\/\/stuggitv.com\/wp-content\/uploads\/2013\/02\/Happy_Birthday.jpg\" target=\"_blank\">Happy Birthday, STUGGI.TV!<\/a><\/strong><\/div><div class=\"press-entry\"><span>13.02.2013 \/\/ Stuttgarter Zeitung<\/span><br \/><strong><a href=\"http:\/\/stuggitv.com\/wp-content\/uploads\/2013\/02\/zeitungsartikel.jpg\" target=\"_blank\">Stuggi.tv hofft auf den Landes-Oscar<\/a><\/strong><\/div><div class=\"press-entry\"><span>25.01.2013 \/\/ West Live<\/span><br \/><strong><a href=\"http:\/\/stuggitv.com\/wp-content\/uploads\/2013\/02\/Artikel_25_01_2013.jpg\" target=\"_blank\">Moderatorin Jessy Beraldo \u00fcber ihe Arbeit bei STUGGI.TV<\/a><\/strong><\/div><div class=\"press-entry\"><span>16.01.2013 \/\/ Stuttgarter Wochenblatt<\/span><br \/><strong><a href=\"http:\/\/stuggitv.com\/wp-content\/uploads\/2013\/01\/2013_01_13-StuttgarterWochenblatt.jpg\" target=\"_blank\">Frischer Wind in Stuttgarts Kessel<\/a><\/strong><\/div><div class=\"press-entry\"><span>12.12.2012 \/\/ SWR2 Tandem<\/span><br \/><strong><a href=\"http:\/\/www.swr.de\/swr2\/programm\/sendungen\/tandem\/-\/id=8986864\/sdpgid=737655\/nid=8986864\/did=10541834\/3n9lse\/index.html\" target=\"_blank\">STUGGI.TV Gr\u00fcnder David Rau im Gespr\u00e4ch<\/a><\/strong><\/div><div class=\"press-entry\"><span>13.11.2012 \/\/ Stuttgarter Zeitung<\/span><br \/><strong><a href=\"http:\/\/stuggitv.com\/wp-content\/uploads\/2012\/11\/2012_11_13-Stuttgarter-Zeitung.jpg\" target=\"_blank\">Stuggi.tv hat bei OB-Wahl seine Feuertaufe bestanden<\/a><\/strong><\/div><div class=\"press-entry\"><span>10.10.2012 \/\/ Stuttgarter Wochenblatt<\/span><br \/><strong><a href=\"http:\/\/stuggitv.com\/wp-content\/uploads\/2012\/10\/Podiumsdiskussion-OB-Rathaus-Stuttgarter-WB-10.10.pdf\" target=\"_blank\">Interesse an Demokratie wecken<\/a><\/strong><\/div><div class=\"press-entry\"><span>27.09.2012 \/\/ Stuttgarter Nachrichten<\/span><br \/><strong><a href=\"http:\/\/stuggitv.com\/wp-content\/uploads\/2012\/09\/12_09_27_StuN.jpg\" target=\"_blank\">Gut gechillte OB-Kandidaten<\/a><\/strong><\/div><div class=\"press-entry\"><span>21.09.2012 \/\/ Filder-Zeitung<\/span><br \/><strong><a href=\"http:\/\/stuggitv.com\/wp-content\/uploads\/2012\/09\/12_09_21_Filderzeitung.jpg\" target=\"_blank\">Interview mit Moderator Sebastian Braun zur OB-Spitzenrunde<\/a><\/strong><\/div><div class=\"press-entry\"><span>12.09.2012 \/\/ Stuttgarter Nachrichten<\/span><br \/><strong><a href=\"http:\/\/www.stuttgarter-nachrichten.de\/inhalt.stuttgarter-ob-wahl-rockenbauch-will-turner-nicht-nuetzen.a9a31b4d-a66b-43f6-9d84-8bf29deda4ee.html\" target=\"_blank\">Stuttgarter OB-Wahl: Rockenbauch will Turner nicht n\u00fctzen<\/a><\/strong><\/div><div class=\"press-entry\"><span>11.09.2012 \/\/ LIFT Magazin<\/span><br \/><strong><a href=\"http:\/\/stuggitv.com\/wp-content\/uploads\/2012\/09\/lift_stuggitv_09_2012.jpg\" target=\"_blank\">Mama, ich bin dann mal Amy Macdonald interviewen<\/a><\/strong><\/div><div class=\"press-entry\"><span>22.07.2012 \/\/ Stuttgarter Zeitung<\/span><br \/><strong><a href=\"http:\/\/www.stuttgarter-zeitung.de\/inhalt.kinder-und-jugendfestival-junge-reporter-stellen-freche-fragen.c8e8a3f5-99ac-4868-a245-d0143897b7e3.html\" target=\"_blank\">STUGGI.TV auf dem Kinder- und Jugendfestival<\/a><\/strong><\/div><div class=\"press-entry\"><span>19.07.2012 \/\/ Stuttgarter Nachrichten<\/span><br \/><strong><a href=\"http:\/\/www.stuttgarter-nachrichten.de\/inhalt.fuer-jugendliche-stuggi-tv:-ein-neuer-sender-greift-an.f95482a1-3458-4c02-a2f9-d1e2e05d752a.html\" target=\"_blank\">Stuggi-TV: Ein neuer Sender greift an<\/a><\/strong><\/div><div class=\"press-entry\"><span>11.07.2012 \/\/ ENERGY Stuttgart<\/span><br \/><strong><a href=\"http:\/\/stuggitv.com\/wp-content\/uploads\/2012\/07\/2012_07_11_Mitschnitt_STUGGI_TV_.mp3\" target=\"_blank\">Neuer Onlinesender f\u00fcr Stuttgart<\/a><\/strong><\/div><\/div><div class=\"one_half last presse-box\"><h2>Pressemitteilungen<\/h2><div class=\"press-entry\"><span>30.09.2023 \/\/ <\/span><br \/><strong><a href=\"http:\/\/stuggitv.com\/wp-content\/uploads\/2023_09_30_PM_Wechsel-Chefredaktion.pdf\" target=\"_blank\">Sebastian Braun wird neuer Chefredakteur von STUGGI.TV<\/a><\/strong><\/div><div class=\"press-entry\"><span>01.08.2022 \/\/ STUGGI.TV<\/span><br \/><strong><a href=\"http:\/\/stuggitv.com\/wp-content\/uploads\/2022_08_01_PM_Freibad-Rosental-Platz-1.pdf\" target=\"_blank\">Freibad Rosental wird zum besten Freibad Stuttgarts geku\u0308rt<\/a><\/strong><\/div><div class=\"press-entry\"><span>04.07.2022 \/\/ <\/span><br \/><strong><a href=\"http:\/\/stuggitv.com\/wp-content\/uploads\/2022_07_07_PM_10-Jahre-STUGGITV.pdf\" target=\"_blank\">Onlinesender STUGGI.TV feiert 10. Geburtstag<\/a><\/strong><\/div><div class=\"press-entry\"><span>01.01.2020 \/\/ <\/span><br \/><strong><a href=\"http:\/\/stuggitv.com\/wp-content\/uploads\/2020_01_01_PM_Das-neue-STUGGITV.pdf\" target=\"_blank\">Onlinesender STUGGI.TV erscheint zum Jahresstart in neuem Design und mit neuem Onlineangebot<\/a><\/strong><\/div><div class=\"press-entry\"><span>01.02.2017 \/\/ <\/span><br \/><strong><a href=\"http:\/\/stuggitv.com\/wp-content\/uploads\/2017_02_01_PM_5-Jahre-STUGGITV.pdf\" target=\"_blank\">5 Jahre STUGGI.TV: Der erste Stuttgarter Onlinesender feiert Geburtstag<\/a><\/strong><\/div><div class=\"press-entry\"><span>13.12.2016 \/\/ <\/span><br \/><strong><a href=\"http:\/\/stuggitv.com\/wp-content\/uploads\/2016_12_13_PM_Fernsehturm.pdf\" target=\"_blank\">500.000 Menschen besuchen Stuttgarter Fernsehturm seit der Wiederer\u00f6ffnung<\/a><\/strong><\/div><div class=\"press-entry\"><span>27.07.2015 \/\/ <\/span><br \/><strong><a href=\"http:\/\/stuggitv.com\/wp-content\/uploads\/2015_07_27_Darf_ich_Das.pdf\" target=\"_blank\">STUGGI.TV startet neues Sendeformat &#8222;Darf ich das?&#8220;<\/a><\/strong><\/div><div class=\"press-entry\"><span>07.04.2015 \/\/ <\/span><br \/><strong><a href=\"http:\/\/stuggitv.com\/wp-content\/uploads\/2015\/04\/2015_04_07_Jugendrat_G9.pdf\" target=\"_blank\">Stuttgarter Jugendrat diskutiert bei STUGGI.TV \u00fcber Bildungspolitik: \u201eWir brauchen mehr G9-Schulen\u201c<\/a><\/strong><\/div><div class=\"press-entry\"><span>03.02.2014 \/\/ <\/span><br \/><strong><a href=\"http:\/\/stuggitv.com\/wp-content\/uploads\/2015\/02\/2015_02_03_Klingler.jpg\" target=\"_blank\">Bernd Klingler in der STUGGI-Show: \u201eAls AfD- Stadtrat vorgestellt zu werden: Daran muss ich mich erst noch gew\u00f6hnen!\u201c<\/a><\/strong><\/div><div class=\"press-entry\"><span>18.11.2014 \/\/ <\/span><br \/><strong><a href=\"http:\/\/stuggitv.com\/wp-content\/uploads\/2014\/11\/2014_11_18_PM_Buergerpreis.pdf\" target=\"_blank\">STUGGI.TV gewinnt den Stuttgarter B\u00fcrgerpreis<\/a><\/strong><\/div><div class=\"press-entry\"><span>18.11.2014 \/\/ <\/span><br \/><strong><a href=\"http:\/\/stuggitv.com\/wp-content\/uploads\/2014\/11\/2014_11_18_PM_Ideenwettbewerb.pdf\" target=\"_blank\">STUGGI &#8211; Schultour erfolgreich bei Ideenwettbewerb<\/a><\/strong><\/div><div class=\"press-entry\"><span>09.10.2014 \/\/ <\/span><br \/><strong><a href=\"http:\/\/stuggitv.com\/wp-content\/uploads\/2014\/10\/2014_10_09_PM_Start_STUGGI_Show.pdf\" target=\"_blank\">Start der neuen STUGGI-Show<\/a><\/strong><\/div><div class=\"press-entry\"><span>08.10.2014 \/\/ <\/span><br \/><strong><a href=\"http:\/\/stuggitv.com\/wp-content\/uploads\/2014\/10\/2014_10_08_PM_Echt-gut.pdf\" target=\"_blank\">STUGGI.TV f\u00fcr den \u201eECHT GUT!\u201c-Preis des Landes BW nominiert<\/a><\/strong><\/div><div class=\"press-entry\"><span>07.10.2014 \/\/ <\/span><br \/><strong><a href=\"http:\/\/stuggitv.com\/wp-content\/uploads\/2014\/10\/2014_10_07_PM_Neuer-Standort.pdf\" target=\"_blank\">STUGGI.TV Redaktion zieht ins Herz von Stuttgart<\/a><\/strong><\/div><div class=\"press-entry\"><span>20.05.2014 \/\/ <\/span><br \/><strong><a href=\"http:\/\/stuggitv.com\/wp-content\/uploads\/2014\/05\/2014_05_20_PM_Deine-Stimme.pdf\" target=\"_blank\">F\u00fcnf Stuttgarter Jugendliche \u00e4u\u00dfern sich zur Kommunalwahl<\/a><\/strong><\/div><div class=\"press-entry\"><span>04.03.2014 \/\/ <\/span><br \/><strong><a href=\"http:\/\/stuggitv.com\/wp-content\/uploads\/2014\/03\/2014_03_04_PM_72h-zu-ende.pdf\" target=\"_blank\">Experiment bestanden: Fabio Morrone bleibt 72 Stunden am St\u00fcck wach<\/a><\/strong><\/div><div class=\"press-entry\"><span>27.02.2014 \/\/ <\/span><br \/><strong><a href=\"http:\/\/stuggitv.com\/wp-content\/uploads\/2014\/02\/2014_02_27_PM_72h-2.pdf\" target=\"_blank\">STUGGI.TV stellt 72-Stunden-Experiment vor<\/a><\/strong><\/div><div class=\"press-entry\"><span>23.12.2013 \/\/ <\/span><br \/><strong><a href=\"http:\/\/stuggitv.com\/wp-content\/uploads\/2013\/12\/2013_12_23_PM_Silvestershow.pdf\" target=\"_blank\">Der Jahresr\u00fcckblick f\u00fcr Stuttgart: STUGGI.TV blickt in Silvestershow auf das Jahr 2013 zur\u00fcck<\/a><\/strong><\/div><div class=\"press-entry\"><span>19.11.2013 \/\/ <\/span><br \/><strong><a href=\"http:\/\/stuggitv.com\/wp-content\/uploads\/2013\/11\/2013_11_19_PM_OB-Kuhn-Rocker-33.pdf\" target=\"_blank\">Exklusiv-Interview: Stuttgarts Oberbu\u0308rgermeister Kuhn zur \u201eRettung\u201c des Rocker 33<\/a><\/strong><\/div><div class=\"press-entry\"><span>02.10.2013 \/\/ <\/span><br \/><strong><a href=\"http:\/\/stuggitv.com\/wp-content\/uploads\/2013\/10\/2013_10_02_PM_Debatte_Lokaljournalismus.pdf\" target=\"_blank\">STUGGI.TV &#8211; Chefredakteur David Rau zu Podiumsdiskussion \u00fcber lokale Medien in Polen<\/a><\/strong><\/div><div class=\"press-entry\"><span>20.09.2013 \/\/ <\/span><br \/><strong><a href=\"http:\/\/stuggitv.com\/wp-content\/uploads\/2013\/09\/2013_09_19_PM_STUGGITV_Foerderpreis.pdf\" target=\"_blank\">STUGGI.TV holt beim F\u00f6rderPreis Region Stuttgart 2013 den 3. Platz<\/a><\/strong><\/div><div class=\"press-entry\"><span>18.09.2013 \/\/ <\/span><br \/><strong><a href=\"http:\/\/stuggitv.com\/wp-content\/uploads\/2013\/09\/2013_09_18_PM_Fo\u0308rderpreisNominierung.pdf\" target=\"_blank\">STUGGI.TV f\u00fcr den F\u00f6rderPreis Region Stuttgart 2013 nominiert<\/a><\/strong><\/div><div class=\"press-entry\"><span>31.05.2013 \/\/ <\/span><br \/><strong><a href=\"http:\/\/stuggitv.com\/wp-content\/uploads\/2013\/05\/2013_05_31_PM_Pokalfinale_OB_Kuhn.pdf\" target=\"_blank\">VfB gewinnt das Pokalfinale? OB Fritz Kuhn: &#8222;Ein guter Vorschlag!<\/a><\/strong><\/div><div class=\"press-entry\"><span>16.05.2013 \/\/ <\/span><br \/><strong><a href=\"http:\/\/stuggitv.com\/wp-content\/uploads\/2013\/05\/2013_05_16_PM_Interview_OB_Kuhn.pdf\" target=\"_blank\">Oberb\u00fcrgermeister Fritz Kuhn im Exklusiv-Interview<\/a><\/strong><\/div><div class=\"press-entry\"><span>14.05.2013 \/\/ <\/span><br \/><strong><a href=\"http:\/\/stuggitv.com\/wp-content\/uploads\/2013\/05\/2013_05_13_PM_Schultour_Schloss-Realschule.pdf\" target=\"_blank\">Die Stuggi-Schultour 2013 besucht die Schloss-Realschule<\/a><\/strong><\/div><div class=\"press-entry\"><span>05.04.2013 \/\/ <\/span><br \/><strong><a href=\"http:\/\/stuggitv.com\/wp-content\/uploads\/2013\/04\/2013_04_05_PM_Jugendliche_trauern_Fernsehturm_nach.pdf\" target=\"_blank\">Junge Stuttgarterinnen und Stuttgarter trauern Fernsehturm nach<\/a><\/strong><\/div><div class=\"press-entry\"><span>25.03.2013  \/\/ <\/span><br \/><strong><a href=\"http:\/\/stuggitv.com\/wp-content\/uploads\/2013\/03\/2013_03_25_PM_Wahlalter-ab-16.pdf\" target=\"_blank\">Wahlalter ab 16? Spannende Diskussion bei STUGGI.TV<\/a><\/strong><\/div><div class=\"press-entry\"><span>22.02.2013 \/\/ <\/span><br \/><strong><a href=\"http:\/\/stuggitv.com\/wp-content\/uploads\/2013\/02\/2013_02_22_PM_Jugendbildungspreis.pdf\" target=\"_blank\">STUGGI.TV gewinnt den Jugendbildungspreis 2012<\/a><\/strong><\/div><div class=\"press-entry\"><span>15.02.2013 \/\/ <\/span><br \/><strong><a href=\"http:\/\/stuggitv.com\/wp-content\/uploads\/2013\/02\/2013_02_15_PM_48h_Experiment.pdf\" target=\"_blank\">48h Stuttgart-Experiment: Reporter schafft 38 Stunden wach zu bleiben<\/a><\/strong><\/div><div class=\"press-entry\"><span>30.01.2013 \/\/ <\/span><br \/><strong><a href=\"http:\/\/stuggitv.com\/wp-content\/uploads\/2013\/01\/2013_01_30_PM_1_Jahr_STUGGITV.pdf\" target=\"_blank\">Stuttgarts Onlinesender feiert Geburtstag: 1 Jahr STUGGI.TV<\/a><\/strong><\/div><div class=\"press-entry\"><span>09.01.2013 \/\/ <\/span><br \/><strong><a href=\"http:\/\/stuggitv.com\/wp-content\/uploads\/2013\/01\/2013_01_09_PM_Nominiert_Jugendbildungspreis.pdf\" target=\"_blank\">Nominiert f\u00fcr den Jugendbildungspreis Baden-W\u00fcrttemberg 2012<\/a><\/strong><\/div><div class=\"press-entry\"><span>18.10.2012 \/\/ <\/span><br \/><strong><a href=\"http:\/\/stuggitv.com\/wp-content\/uploads\/2012\/10\/2012_10_18_PM_Live-OB-Wahl.pdf\" target=\"_blank\">STUGGI.TV berichtet live von der OB-Wahl am 21.10. in Stuttgart<\/a><\/strong><\/div><div class=\"press-entry\"><span>20.09.2012 \/\/ <\/span><br \/><strong><a href=\"http:\/\/stuggitv.com\/wp-content\/uploads\/2012\/09\/2012_09_20_PM_OB_Spitzenrunde.pdf\" target=\"_blank\">TV-Spitzenrunde der OB-Kandidaten erschienen<\/a><\/strong><\/div><div class=\"press-entry\"><span>05.07.2012 \/\/ <\/span><br \/><strong><a href=\"http:\/\/stuggitv.com\/wp-content\/uploads\/2012\/07\/2012_07_05_PM_Jugendrat_Aktuell_onl.pdf\" target=\"_blank\">Jetzt wirds politisch! Neue Sendung &#8222;Jugendrat Aktuell&#8220; startet<\/a><\/strong><\/div><div class=\"press-entry\"><span>08.06.2012 \/\/ <\/span><br \/><strong><a href=\"http:\/\/stuggitv.com\/wp-content\/uploads\/2012\/06\/2012_06_08_PM_Relaunch.pdf\" target=\"_blank\">Neues Onlineportal gestartet<\/a><\/strong><\/div><\/div>\n","protected":false},"excerpt":{"rendered":"<p>STUGGI.TV ist der Onlinesender f\u00fcr Stuttgart und die Region Das Programm wird von einer jungen Medienredaktion Deutschlands erstellt. Unser Team besteht aus Moderatoren, Redakteuren und Kameraleuten, die ihre ersten Erfahrungen im Bereich Medien machen und dabei von professionellen Redakteuren angeleitet [&hellip;]<\/p>\n","protected":false},"author":7,"featured_media":72861,"parent":0,"menu_order":0,"comment_status":"closed","ping_status":"closed","template":"","meta":{"footnotes":""},"class_list":["post-679","page","type-page","status-publish","has-post-thumbnail","hentry"],"yoast_head":"<!-- This site is optimized with the Yoast SEO plugin v27.1.1 - https:\/\/yoast.com\/product\/yoast-seo-wordpress\/ -->\n<title>Presse - STUGGI.TV<\/title>\n<meta name=\"robots\" content=\"index, follow, max-snippet:-1, max-image-preview:large, max-video-preview:-1\" \/>\n<link rel=\"canonical\" href=\"http:\/\/stuggitv.com\/?page_id=679\" \/>\n<meta property=\"og:locale\" content=\"de_DE\" \/>\n<meta property=\"og:type\" content=\"article\" \/>\n<meta property=\"og:title\" content=\"Presse - STUGGI.TV\" \/>\n<meta property=\"og:description\" content=\"STUGGI.TV ist der Onlinesender f\u00fcr Stuttgart und die Region Das Programm wird von einer jungen Medienredaktion Deutschlands erstellt. Unser Team besteht aus Moderatoren, Redakteuren und Kameraleuten, die ihre ersten Erfahrungen im Bereich Medien machen und dabei von professionellen Redakteuren angeleitet [&hellip;]\" \/>\n<meta property=\"og:url\" content=\"http:\/\/stuggitv.com\/?page_id=679\" \/>\n<meta property=\"og:site_name\" content=\"STUGGI.TV\" \/>\n<meta property=\"article:publisher\" content=\"https:\/\/www.facebook.com\/stuggitv\" \/>\n<meta property=\"article:modified_time\" content=\"2023-09-30T15:58:14+00:00\" \/>\n<meta property=\"og:image\" content=\"http:\/\/stuggitv.com\/wp-content\/uploads\/STUGGITV-Presse-2022_Fotorechte_STUGGITV.jpg\" \/>\n\t<meta property=\"og:image:width\" content=\"2222\" \/>\n\t<meta property=\"og:image:height\" content=\"1000\" \/>\n\t<meta property=\"og:image:type\" content=\"image\/jpeg\" \/>\n<meta name=\"twitter:card\" content=\"summary_large_image\" \/>\n<meta name=\"twitter:site\" content=\"@stuggitv\" \/>\n<meta name=\"twitter:label1\" content=\"Gesch\u00e4tzte Lesezeit\" \/>\n\t<meta name=\"twitter:data1\" content=\"1\u00a0Minute\" \/>\n<script type=\"application\/ld+json\" class=\"yoast-schema-graph\">{\"@context\":\"https:\/\/schema.org\",\"@graph\":[{\"@type\":\"WebPage\",\"@id\":\"http:\/\/stuggitv.com\/?page_id=679\",\"url\":\"http:\/\/stuggitv.com\/?page_id=679\",\"name\":\"Presse - STUGGI.TV\",\"isPartOf\":{\"@id\":\"http:\/\/stuggitv.com\/#website\"},\"primaryImageOfPage\":{\"@id\":\"http:\/\/stuggitv.com\/?page_id=679#primaryimage\"},\"image\":{\"@id\":\"http:\/\/stuggitv.com\/?page_id=679#primaryimage\"},\"thumbnailUrl\":\"http:\/\/stuggitv.com\/wp-content\/uploads\/STUGGITV-Presse-2022_Fotorechte_STUGGITV.jpg\",\"datePublished\":\"2012-05-29T15:11:01+00:00\",\"dateModified\":\"2023-09-30T15:58:14+00:00\",\"breadcrumb\":{\"@id\":\"http:\/\/stuggitv.com\/?page_id=679#breadcrumb\"},\"inLanguage\":\"de\",\"potentialAction\":[{\"@type\":\"ReadAction\",\"target\":[\"http:\/\/stuggitv.com\/?page_id=679\"]}]},{\"@type\":\"ImageObject\",\"inLanguage\":\"de\",\"@id\":\"http:\/\/stuggitv.com\/?page_id=679#primaryimage\",\"url\":\"http:\/\/stuggitv.com\/wp-content\/uploads\/STUGGITV-Presse-2022_Fotorechte_STUGGITV.jpg\",\"contentUrl\":\"http:\/\/stuggitv.com\/wp-content\/uploads\/STUGGITV-Presse-2022_Fotorechte_STUGGITV.jpg\",\"width\":2222,\"height\":1000,\"caption\":\"STUGGI.TV ist Stuttgarts Onlinesender und berichtet mit einem zehnk\u00f6pfigen Reporterteam aus der Landeshauptstadt. (Fotorechte: STUGGI.TV)\"},{\"@type\":\"BreadcrumbList\",\"@id\":\"http:\/\/stuggitv.com\/?page_id=679#breadcrumb\",\"itemListElement\":[{\"@type\":\"ListItem\",\"position\":1,\"name\":\"STUGGI.TV\",\"item\":\"http:\/\/stuggitv.com\/\"},{\"@type\":\"ListItem\",\"position\":2,\"name\":\"Presse\"}]},{\"@type\":\"WebSite\",\"@id\":\"http:\/\/stuggitv.com\/#website\",\"url\":\"http:\/\/stuggitv.com\/\",\"name\":\"STUGGI.TV\",\"description\":\"Der Onlinesender f\u00fcr Stuttgart\",\"publisher\":{\"@id\":\"http:\/\/stuggitv.com\/#organization\"},\"potentialAction\":[{\"@type\":\"SearchAction\",\"target\":{\"@type\":\"EntryPoint\",\"urlTemplate\":\"http:\/\/stuggitv.com\/?s={search_term_string}\"},\"query-input\":{\"@type\":\"PropertyValueSpecification\",\"valueRequired\":true,\"valueName\":\"search_term_string\"}}],\"inLanguage\":\"de\"},{\"@type\":\"Organization\",\"@id\":\"http:\/\/stuggitv.com\/#organization\",\"name\":\"STUGGI.TV\",\"url\":\"http:\/\/stuggitv.com\/\",\"logo\":{\"@type\":\"ImageObject\",\"inLanguage\":\"de\",\"@id\":\"http:\/\/stuggitv.com\/#\/schema\/logo\/image\/\",\"url\":\"http:\/\/stuggitv.com\/wp-content\/uploads\/stuggitv_logo_rgb.jpg\",\"contentUrl\":\"http:\/\/stuggitv.com\/wp-content\/uploads\/stuggitv_logo_rgb.jpg\",\"width\":320,\"height\":78,\"caption\":\"STUGGI.TV\"},\"image\":{\"@id\":\"http:\/\/stuggitv.com\/#\/schema\/logo\/image\/\"},\"sameAs\":[\"https:\/\/www.facebook.com\/stuggitv\",\"https:\/\/x.com\/stuggitv\"]}]}<\/script>\n<!-- \/ Yoast SEO plugin. -->","yoast_head_json":{"title":"Presse - STUGGI.TV","robots":{"index":"index","follow":"follow","max-snippet":"max-snippet:-1","max-image-preview":"max-image-preview:large","max-video-preview":"max-video-preview:-1"},"canonical":"http:\/\/stuggitv.com\/?page_id=679","og_locale":"de_DE","og_type":"article","og_title":"Presse - STUGGI.TV","og_description":"STUGGI.TV ist der Onlinesender f\u00fcr Stuttgart und die Region Das Programm wird von einer jungen Medienredaktion Deutschlands erstellt. Unser Team besteht aus Moderatoren, Redakteuren und Kameraleuten, die ihre ersten Erfahrungen im Bereich Medien machen und dabei von professionellen Redakteuren angeleitet [&hellip;]","og_url":"http:\/\/stuggitv.com\/?page_id=679","og_site_name":"STUGGI.TV","article_publisher":"https:\/\/www.facebook.com\/stuggitv","article_modified_time":"2023-09-30T15:58:14+00:00","og_image":[{"width":2222,"height":1000,"url":"http:\/\/stuggitv.com\/wp-content\/uploads\/STUGGITV-Presse-2022_Fotorechte_STUGGITV.jpg","type":"image\/jpeg"}],"twitter_card":"summary_large_image","twitter_site":"@stuggitv","twitter_misc":{"Gesch\u00e4tzte Lesezeit":"1\u00a0Minute"},"schema":{"@context":"https:\/\/schema.org","@graph":[{"@type":"WebPage","@id":"http:\/\/stuggitv.com\/?page_id=679","url":"http:\/\/stuggitv.com\/?page_id=679","name":"Presse - STUGGI.TV","isPartOf":{"@id":"http:\/\/stuggitv.com\/#website"},"primaryImageOfPage":{"@id":"http:\/\/stuggitv.com\/?page_id=679#primaryimage"},"image":{"@id":"http:\/\/stuggitv.com\/?page_id=679#primaryimage"},"thumbnailUrl":"http:\/\/stuggitv.com\/wp-content\/uploads\/STUGGITV-Presse-2022_Fotorechte_STUGGITV.jpg","datePublished":"2012-05-29T15:11:01+00:00","dateModified":"2023-09-30T15:58:14+00:00","breadcrumb":{"@id":"http:\/\/stuggitv.com\/?page_id=679#breadcrumb"},"inLanguage":"de","potentialAction":[{"@type":"ReadAction","target":["http:\/\/stuggitv.com\/?page_id=679"]}]},{"@type":"ImageObject","inLanguage":"de","@id":"http:\/\/stuggitv.com\/?page_id=679#primaryimage","url":"http:\/\/stuggitv.com\/wp-content\/uploads\/STUGGITV-Presse-2022_Fotorechte_STUGGITV.jpg","contentUrl":"http:\/\/stuggitv.com\/wp-content\/uploads\/STUGGITV-Presse-2022_Fotorechte_STUGGITV.jpg","width":2222,"height":1000,"caption":"STUGGI.TV ist Stuttgarts Onlinesender und berichtet mit einem zehnk\u00f6pfigen Reporterteam aus der Landeshauptstadt. (Fotorechte: STUGGI.TV)"},{"@type":"BreadcrumbList","@id":"http:\/\/stuggitv.com\/?page_id=679#breadcrumb","itemListElement":[{"@type":"ListItem","position":1,"name":"STUGGI.TV","item":"http:\/\/stuggitv.com\/"},{"@type":"ListItem","position":2,"name":"Presse"}]},{"@type":"WebSite","@id":"http:\/\/stuggitv.com\/#website","url":"http:\/\/stuggitv.com\/","name":"STUGGI.TV","description":"Der Onlinesender f\u00fcr Stuttgart","publisher":{"@id":"http:\/\/stuggitv.com\/#organization"},"potentialAction":[{"@type":"SearchAction","target":{"@type":"EntryPoint","urlTemplate":"http:\/\/stuggitv.com\/?s={search_term_string}"},"query-input":{"@type":"PropertyValueSpecification","valueRequired":true,"valueName":"search_term_string"}}],"inLanguage":"de"},{"@type":"Organization","@id":"http:\/\/stuggitv.com\/#organization","name":"STUGGI.TV","url":"http:\/\/stuggitv.com\/","logo":{"@type":"ImageObject","inLanguage":"de","@id":"http:\/\/stuggitv.com\/#\/schema\/logo\/image\/","url":"http:\/\/stuggitv.com\/wp-content\/uploads\/stuggitv_logo_rgb.jpg","contentUrl":"http:\/\/stuggitv.com\/wp-content\/uploads\/stuggitv_logo_rgb.jpg","width":320,"height":78,"caption":"STUGGI.TV"},"image":{"@id":"http:\/\/stuggitv.com\/#\/schema\/logo\/image\/"},"sameAs":["https:\/\/www.facebook.com\/stuggitv","https:\/\/x.com\/stuggitv"]}]}},"_links":{"self":[{"href":"http:\/\/stuggitv.com\/index.php?rest_route=\/wp\/v2\/pages\/679","targetHints":{"allow":["GET"]}}],"collection":[{"href":"http:\/\/stuggitv.com\/index.php?rest_route=\/wp\/v2\/pages"}],"about":[{"href":"http:\/\/stuggitv.com\/index.php?rest_route=\/wp\/v2\/types\/page"}],"author":[{"embeddable":true,"href":"http:\/\/stuggitv.com\/index.php?rest_route=\/wp\/v2\/users\/7"}],"replies":[{"embeddable":true,"href":"http:\/\/stuggitv.com\/index.php?rest_route=%2Fwp%2Fv2%2Fcomments&post=679"}],"version-history":[{"count":147,"href":"http:\/\/stuggitv.com\/index.php?rest_route=\/wp\/v2\/pages\/679\/revisions"}],"predecessor-version":[{"id":93812,"href":"http:\/\/stuggitv.com\/index.php?rest_route=\/wp\/v2\/pages\/679\/revisions\/93812"}],"wp:featuredmedia":[{"embeddable":true,"href":"http:\/\/stuggitv.com\/index.php?rest_route=\/wp\/v2\/media\/72861"}],"wp:attachment":[{"href":"http:\/\/stuggitv.com\/index.php?rest_route=%2Fwp%2Fv2%2Fmedia&parent=679"}],"curies":[{"name":"wp","href":"https:\/\/api.w.org\/{rel}","templated":true}]}}